{"id":551,"date":"2023-07-28T14:19:49","date_gmt":"2023-07-28T12:19:49","guid":{"rendered":"https:\/\/foresatechnologies.com\/politica-de-privacidad\/"},"modified":"2025-11-27T15:05:23","modified_gmt":"2025-11-27T13:05:23","slug":"politica-de-privacidad","status":"publish","type":"page","link":"https:\/\/foresatechnologies.com\/fr\/politica-de-privacidad\/","title":{"rendered":"Politique de confidentialit\u00e9"},"content":{"rendered":"\t\t<div data-elementor-type=\"wp-page\" data-elementor-id=\"551\" class=\"elementor elementor-551 elementor-3\" data-elementor-post-type=\"page\">\n\t\t\t\t<div class=\"elementor-element elementor-element-3dda84f6 e-flex e-con-boxed e-con e-parent\" data-id=\"3dda84f6\" data-element_type=\"container\" data-e-type=\"container\">\n\t\t\t\t\t<div class=\"e-con-inner\">\n\t\t\t\t<div class=\"elementor-element elementor-element-c70106a legal elementor-widget elementor-widget-shortcode\" data-id=\"c70106a\" data-element_type=\"widget\" data-e-type=\"widget\" data-widget_type=\"shortcode.default\">\n\t\t\t\t<div class=\"elementor-widget-container\">\n\t\t\t\t\t\t\t<div class=\"elementor-shortcode\"><h2>Politique de confidentialit\u00e9<\/h2>\r\n<p>Conform\u00e9ment \u00e0 la l\u00e9gislation en vigueur en mati\u00e8re de protection des donn\u00e9es, R\u00e8glement (UE) 2016\/679 du Parlement europ\u00e9en et du Conseil du 27 avril 2016 (RGPD), Loi Organique relative \u00e0 la protection des donn\u00e9es personnelles et \u00e0 la garantie des droits num\u00e9riques (LOPGDD, 3\/ 2018 \u2013 Espagne), nous vous informons de la Politique de Protection des Donn\u00e9es Personnelles, en ce qui concerne le traitement des donn\u00e9es personnelles, qui est d\u00e9taill\u00e9e ci-dessous.<\/p>\r\n\r\n<h2>Responsable du traitement des donn\u00e9es personnelles<\/h2>\r\n<p>Le responsable du traitement est la personne morale qui d\u00e9termine les finalit\u00e9s et les moyens du traitement des donn\u00e9es personnelles. En d\u2019autres termes, le responsable du traitement d\u00e9cide comment et \u00e0 quelles fins les donn\u00e9es personnelles sont trait\u00e9es.<\/p>\r\n<ul>\r\n  <li><b>Raison sociale :<\/b> FORESA TECHNOLOGIES, S.L.U.<\/li>\r\n  <li><b>NIF (TVA):<\/b> B-94193919<\/li>\r\n  <li><b>Inscrite au Registre du Commerce de Pontevedra (Espagne),<\/b> Feuille PO-65699 Tome 4298 Folio 45<\/li>\r\n  <li><b>Si\u00e8ge social :<\/b> Avda. de Do\u00f1a Urraca n\u00ba 91 (Apt. 8), CP 36650 Caldas de Reis (Pontevedra) Espagne<\/li>\r\n  <li><b>T\u00e9l. :<\/b> +34 986 05 92 00<\/li>\r\n  <li><b>Fax :<\/b> +34 986 54 08 55<\/li>\r\n  <li><b>Email :<\/b> privacidad@foresatechnologies.com<\/li>\r\n<\/ul>\r\n\r\n<h2>Quelles donn\u00e9es personnelles traitons-nous et comment les prot\u00e9geons-nous ?<\/h2>\r\n<p>Les donn\u00e9es personnelles sont toute information concernant une personne physique identifi\u00e9e ou identifiable.<\/p>\r\n<p>Aux fins \u00e9tablies dans la pr\u00e9sente Politique de Confidentialit\u00e9, le responsable collecte et traite les donn\u00e9es personnelles expliqu\u00e9es dans chaque type de traitement, qui d\u00e9pendront des diff\u00e9rents services demand\u00e9s par l'utilisateur ou de la relation contractuelle qu'il entretient avec notre entit\u00e9.<\/p>\r\n<p>Notre organisation s'engage \u00e0 vous traiter en toute confidentialit\u00e9 et \u00e0 appliquer des mesures de s\u00e9curit\u00e9 physiques, techniques et organisationnelles appropri\u00e9es pour prot\u00e9ger vos donn\u00e9es personnelles.<\/p>\r\n<p>L'utilisateur garantit et est responsable, dans tous les cas, de la v\u00e9racit\u00e9, de l'exactitude, de la validit\u00e9 et de l'authenticit\u00e9 des donn\u00e9es personnelles fournies et s'engage \u00e0 les tenir d\u00fbment mises \u00e0 jour.<\/p>\r\n\r\n<h3>Traitement des donn\u00e9es \u00ab Candidatures \u00bb<\/h3>\r\n<h4>1. Quel type de donn\u00e9es personnelles traitons-nous ?<\/h4>\r\n<ul>\r\n  <li><b>Donn\u00e9es d'identification :<\/b> nom, pi\u00e8ce d'identit\u00e9, date de naissance, adresse, t\u00e9l\u00e9phone, adresse email, image.<\/li>\r\n  <li><b>Donn\u00e9es caract\u00e9ristiques personnelles :<\/b> sexe, \u00e9tat civil, nationalit\u00e9, \u00e2ge, date et lieu de naissance.<\/li>\r\n  <li><b>Donn\u00e9es acad\u00e9miques et professionnelles :<\/b> profession, poste, exp\u00e9rience, qualifications.<\/li>\r\n<\/ul>\r\n\r\n<h4>2. Dans quel but traitons-nous vos donn\u00e9es personnelles ?<\/h4>\r\n<p>Nous traitons les donn\u00e9es personnelles que vous nous fournissez pour g\u00e9rer les processus de s\u00e9lection de l'entreprise. Les donn\u00e9es personnelles fournies seront conserv\u00e9es tant que l'int\u00e9ress\u00e9 ne retirera pas son consentement afin que nous puissions continuer \u00e0 conserver son curriculum vitae pour de futurs processus de s\u00e9lection. Dans tous les cas, les CV seront supprim\u00e9s un an apr\u00e8s leur soumission.<\/p>\r\n\r\n<h4>3. Quelle est la l\u00e9gitimit\u00e9 du traitement de vos donn\u00e9es ?<\/h4>\r\n<p>La base juridique du traitement de vos donn\u00e9es est le <b>consentement expr\u00e8s<\/b> demand\u00e9.<\/p>\r\n\r\n<h4>4. \u00c0 quels destinataires vos donn\u00e9es seront-elles communiqu\u00e9es ?<\/h4>\r\n<p>Vos donn\u00e9es pourront \u00eatre transf\u00e9r\u00e9es \u00e0 des soci\u00e9t\u00e9s du groupe FINSA, le groupe de soci\u00e9t\u00e9s auquel appartient FORESA. Soci\u00e9t\u00e9 m\u00e8re de FORESA TECHNOLOGIES, S.L.U. et dont la soci\u00e9t\u00e9 m\u00e8re du Groupe est FINANCIERA MADERERA, S.A, pour laquelle votre consentement est obtenu :<\/p>\r\n<ul>\r\n  <li>FINANCIERA MADERERA, S.A<\/li>\r\n  <li>BRESFOR, INDUSTRIA DO FORMOL, S.A.<\/li>\r\n  <li>FORESA FRANCE, S.A.S<\/li>\r\n  <li>NORFIN LOGISTICS, S.L<\/li>\r\n  <li>FORESA INDUSTRIAS QUIMICAS DEL NOROESTE, S.A.<\/li>\r\n<\/ul>\r\n<p>Vos donn\u00e9es personnelles ne seront transf\u00e9r\u00e9es \u00e0 aucune entit\u00e9 ext\u00e9rieure au groupe. L'informatique est r\u00e9alis\u00e9e aux \u00c9tats-Unis d'Am\u00e9rique dans le cadre du Privacy Shield, via le processeur de donn\u00e9es de Google (Gsuite).<\/p>\r\n\r\n<h3>Traitement des donn\u00e9es \u00ab Clients et Fournisseurs \u00bb<\/h3>\r\n<h4>1. Quel type de donn\u00e9es personnelles traitons-nous ?<\/h4>\r\n<ul>\r\n  <li><b>Donn\u00e9es d'identification :<\/b> nom, pi\u00e8ce d'identit\u00e9, adresse, t\u00e9l\u00e9phone, adresse email.<\/li>\r\n  <li><b>Donn\u00e9es financi\u00e8res :<\/b> compte bancaire, d\u00e9tails de la carte de cr\u00e9dit.<\/li>\r\n  <li><b>Donn\u00e9es acad\u00e9miques et professionnelles :<\/b> profession, poste, exp\u00e9rience, qualifications.<\/li>\r\n  <li><b>Donn\u00e9es relatives aux transactions :<\/b> produits et services fournis.<\/li>\r\n<\/ul>\r\n\r\n<h4>2. Dans quel but traitons-nous vos donn\u00e9es personnelles ?<\/h4>\r\n<p>Nous traitons les donn\u00e9es personnelles que vous nous fournissez pour g\u00e9rer les donn\u00e9es des clients et fournisseurs de l'entreprise, maintenir la relation commerciale, la gestion comptable, administrative et de facturation, ainsi que les obligations fiscales.<\/p>\r\n<p>Un but de publicit\u00e9 et de prospection commerciale est \u00e9galement pr\u00e9vu, pour entretenir la relation commerciale entre les parties.<\/p>\r\n\r\n<h4>3. Quelle est la l\u00e9gitimit\u00e9 du traitement de vos donn\u00e9es ?<\/h4>\r\n<p>La base juridique du traitement de vos donn\u00e9es est l'ex\u00e9cution d'un contrat, ainsi que le respect d'une obligation l\u00e9gale du responsable. La communication des offres et promotions susceptibles de vous int\u00e9resser repose sur l'int\u00e9r\u00eat l\u00e9gitime de maintenir la relation commerciale entre les parties.<\/p>\r\n\r\n<h4>4. \u00c0 quels destinataires vos donn\u00e9es seront-elles communiqu\u00e9es ?<\/h4>\r\n<p>Nous vous informons que vos donn\u00e9es pourront \u00eatre communiqu\u00e9es \u00e0 la soci\u00e9t\u00e9 m\u00e8re de FORESA TECHNOLOGIES, S.L.U : qui est FORESA, INDUSTRIAS QUIMICAS DEL NOROESTE, S.A.U. et \u00e0 la soci\u00e9t\u00e9 m\u00e8re du Groupe de Soci\u00e9t\u00e9s FINSA, qui est FINANCIERA MADERERA, S.A, ou \u00e0 des tiers qui fournissent des services li\u00e9s aux finalit\u00e9s de traitement pour lesquelles les donn\u00e9es ont \u00e9t\u00e9 collect\u00e9es, et sous r\u00e9serve de votre consentement si n\u00e9cessaire.<\/p>\r\n<p>Par ailleurs, vos donn\u00e9es ne seront pas transf\u00e9r\u00e9es vers des pays hors de l\u2019Union europ\u00e9enne, sauf pour des raisons de fourniture de services techniques, comme par exemple lorsque les serveurs de fournisseurs de syst\u00e8mes ou de ressources technologiques sont h\u00e9berg\u00e9s en dehors de l\u2019Union europ\u00e9enne. L'informatique est r\u00e9alis\u00e9e aux \u00c9tats-Unis d'Am\u00e9rique dans le cadre du Privacy Shield, via le processeur de donn\u00e9es de Google (Gsuite et Cloud Platform).<\/p>\r\n<p>Vous pourrez toutefois c\u00e9der vos donn\u00e9es \u00e0 des tiers si ce transfert est requis par la loi, une disposition r\u00e9glementaire ou une d\u00e9cision de justice, ou si cette divulgation est n\u00e9cessaire pour garantir la protection et la d\u00e9fense de vos droits.<\/p>\r\n\r\n<h3>Traitement des donn\u00e9es \u00ab Contacts et clients potentiels \u00bb<\/h3>\r\n<h4>1. Quel type de donn\u00e9es personnelles traitons-nous ?<\/h4>\r\n<ul>\r\n  <li><b>Donn\u00e9es d'identification :<\/b> nom, adresse, t\u00e9l\u00e9phone, adresse email.<\/li>\r\n<\/ul>\r\n\r\n<h4>2. Dans quel but traitons-nous vos donn\u00e9es personnelles ?<\/h4>\r\n<p>Nous traitons les donn\u00e9es personnelles que vous nous fournissez sur le formulaire de contact pour g\u00e9rer les donn\u00e9es sur les contacts commerciaux et les clients potentiels. Des finalit\u00e9s de publicit\u00e9 et de prospection commerciale sont \u00e9galement pr\u00e9vues, pour lesquelles l'accord expr\u00e8s de l'int\u00e9ress\u00e9 est demand\u00e9.<\/p>\r\n<p>Les donn\u00e9es personnelles fournies seront conserv\u00e9es aussi longtemps que la relation commerciale sera maintenue. Si vous d\u00e9cidez d'annuler vos donn\u00e9es personnelles, elles seront supprim\u00e9es de notre base de donn\u00e9es de contacts.<\/p>\r\n\r\n<h4>3. Quelle est la l\u00e9gitimit\u00e9 du traitement de vos donn\u00e9es ?<\/h4>\r\n<p>La base juridique du traitement de vos donn\u00e9es est le <b>consentement expr\u00e8s<\/b> demand\u00e9.<\/p>\r\n\r\n<h4>4. \u00c0 quels destinataires vos donn\u00e9es seront-elles communiqu\u00e9es ?<\/h4>\r\n<p>Les donn\u00e9es pourront \u00eatre communiqu\u00e9es aux responsables du traitement qui effectuent des t\u00e2ches de gestion de l'envoi de communications, ainsi que de gestion des r\u00e9seaux sociaux. L'informatique est r\u00e9alis\u00e9e aux \u00c9tats-Unis d'Am\u00e9rique dans le cadre du Privacy Shield, via le processeur de donn\u00e9es de Google (Gsuite).<\/p>\r\n\r\n<h3>Traitement des donn\u00e9es \u00ab S\u00e9curit\u00e9 \u00bb<\/h3>\r\n<h4>1. Quel type de donn\u00e9es personnelles traitons-nous ?<\/h4>\r\n<ul>\r\n  <li><b>Donn\u00e9es d'identification :<\/b> nom, CC, adresse, t\u00e9l\u00e9phone, signature, image\/voix.<\/li>\r\n<\/ul>\r\n\r\n<h4>2. Dans quel but traitons-nous vos donn\u00e9es personnelles ?<\/h4>\r\n<p>Nous traitons les donn\u00e9es personnelles pour assurer la s\u00e9curit\u00e9 des installations de l'entreprise gr\u00e2ce \u00e0 l'enregistrement d'images vid\u00e9o (vid\u00e9osurveillance). Nous traitons \u00e9galement des donn\u00e9es pour g\u00e9rer le contr\u00f4le d'acc\u00e8s.<\/p>\r\n<p>Les donn\u00e9es personnelles seront conserv\u00e9es pendant au maximum les dur\u00e9es l\u00e9gales pr\u00e9vues (un mois).<\/p>\r\n\r\n<h4>3. Quelle est la l\u00e9gitimit\u00e9 du traitement de vos donn\u00e9es ?<\/h4>\r\n<p>La base juridique du traitement de vos donn\u00e9es est la satisfaction des int\u00e9r\u00eats l\u00e9gitimes poursuivis par le responsable du traitement.<\/p>\r\n\r\n<h4>4. \u00c0 quels destinataires vos donn\u00e9es seront-elles communiqu\u00e9es ?<\/h4>\r\n<p>Vos donn\u00e9es pourront \u00eatre communiqu\u00e9es \u00e0 PROTECCION E INTEGRIDAD, S.A (PROINSA), l'entit\u00e9 responsable du traitement des donn\u00e9es de s\u00e9curit\u00e9, ainsi qu'aux entreprises installant et maintenant des services d'alarme et de contr\u00f4le d'acc\u00e8s. Vos donn\u00e9es personnelles ne seront transf\u00e9r\u00e9es \u00e0 aucune entit\u00e9, \u00e0 l'exception de celles n\u00e9cessaires aux forces et organismes de s\u00e9curit\u00e9 en raison d'une obligation l\u00e9gale.<\/p>\r\n<p>Aucun transfert international de donn\u00e9es personnelles n\u2019est \u00e9galement pr\u00e9vu.<\/p>\r\n\r\n<h2>Quels sont vos droits lorsque vous nous fournissez vos donn\u00e9es?<\/h2>\r\n<p>Conform\u00e9ment \u00e0 la l\u00e9gislation applicable en mati\u00e8re de protection des donn\u00e9es, vous disposez d'une s\u00e9rie de droits concernant le traitement de vos donn\u00e9es personnelles. L'exercice de ces droits sera gratuit pour l'utilisateur, sauf dans le cas de demandes manifestement infond\u00e9es ou excessives, notamment parce qu'elles sont r\u00e9p\u00e9titives.<\/p>\r\n\r\n<h3>Droits<\/h3>\r\n<ul>\r\n  <li><b>Droit \u00e0 l'information :<\/b> Vous avez le droit d'\u00eatre inform\u00e9 de mani\u00e8re concise, transparente, intelligible et facilement accessible, dans un langage clair et simple, sur l'utilisation et le traitement de vos donn\u00e9es personnelles.<\/li>\r\n  <li><b>Droit d'acc\u00e8s :<\/b> Vous avez le droit de nous demander, \u00e0 tout moment, de confirmer si nous traitons vos donn\u00e9es personnelles, d'acc\u00e9der \u00e0 celles-ci et aux informations sur leur traitement et d'obtenir une copie de ces donn\u00e9es.<\/li>\r\n  <li><b>Droit de rectification :<\/b> Vous avez le droit de demander la rectification des donn\u00e9es personnelles inexactes, p\u00e9rim\u00e9es ou incompl\u00e8tes vous concernant.<\/li>\r\n  <li><b>Droit de suppression :<\/b> Vous avez le droit de demander la suppression de vos donn\u00e9es personnelles lorsque, entre autres raisons, les donn\u00e9es ne sont plus n\u00e9cessaires aux fins pour lesquelles elles ont \u00e9t\u00e9 collect\u00e9es.<\/li>\r\n  <li><b>Droit \u00e0 la limitation du traitement :<\/b> Vous avez le droit de demander que nous limitions le traitement de vos donn\u00e9es personnelles dans certaines situations.<\/li>\r\n  <li><b>Droit \u00e0 la portabilit\u00e9 des donn\u00e9es :<\/b> L'utilisateur a le droit de faire transmettre ses donn\u00e9es \u00e0 un autre responsable du traitement dans un format structur\u00e9, couramment utilis\u00e9 et lisible m\u00e9caniquement.<\/li>\r\n  <li><b>Droit d'opposition :<\/b> Ce droit vous permet de vous opposer au traitement de vos donn\u00e9es personnelles, y compris \u00e0 la cr\u00e9ation de profils.<\/li>\r\n  <li><b>Droit de ne pas \u00eatre soumis \u00e0 des d\u00e9cisions automatis\u00e9es :<\/b> Ce droit vous permet de ne pas \u00eatre soumis \u00e0 une d\u00e9cision bas\u00e9e exclusivement sur un traitement automatis\u00e9.<\/li>\r\n  <li><b>Droit de retirer votre consentement :<\/b> Vous pouvez retirer votre consentement \u00e0 tout moment.<\/li>\r\n  <li><b>Droit de d\u00e9poser une plainte :<\/b> Vous avez le droit de d\u00e9poser une plainte aupr\u00e8s de l'Agence espagnole de protection des donn\u00e9es (AEPD).<\/li>\r\n<\/ul>\r\n<p>Pour exercer les droits indiqu\u00e9s ci-dessus, vous pouvez nous envoyer une communication \u00e0 l'adresse physique ou \u00e9lectronique indiqu\u00e9e, en joignant un document accr\u00e9ditant votre identit\u00e9. Pour des informations suppl\u00e9mentaires, consultez le site de l'AEPD \u00e0 <a href=\"http:\/\/www.agpd.es\" target=\"_blank\" rel=\"noopener\">www.agpd.es<\/a>.<\/p>\r\n<\/div>\n\t\t\t\t\t\t<\/div>\n\t\t\t\t<\/div>\n\t\t\t\t\t<\/div>\n\t\t\t\t<\/div>\n\t\t\t\t<\/div>\n\t\t","protected":false},"excerpt":{"rendered":"","protected":false},"author":1,"featured_media":0,"parent":0,"menu_order":0,"comment_status":"closed","ping_status":"closed","template":"","meta":{"footnotes":""},"class_list":["post-551","page","type-page","status-publish","hentry"],"_links":{"self":[{"href":"https:\/\/foresatechnologies.com\/fr\/wp-json\/wp\/v2\/pages\/551","targetHints":{"allow":["GET"]}}],"collection":[{"href":"https:\/\/foresatechnologies.com\/fr\/wp-json\/wp\/v2\/pages"}],"about":[{"href":"https:\/\/foresatechnologies.com\/fr\/wp-json\/wp\/v2\/types\/page"}],"author":[{"embeddable":true,"href":"https:\/\/foresatechnologies.com\/fr\/wp-json\/wp\/v2\/users\/1"}],"replies":[{"embeddable":true,"href":"https:\/\/foresatechnologies.com\/fr\/wp-json\/wp\/v2\/comments?post=551"}],"version-history":[{"count":6,"href":"https:\/\/foresatechnologies.com\/fr\/wp-json\/wp\/v2\/pages\/551\/revisions"}],"predecessor-version":[{"id":1676,"href":"https:\/\/foresatechnologies.com\/fr\/wp-json\/wp\/v2\/pages\/551\/revisions\/1676"}],"wp:attachment":[{"href":"https:\/\/foresatechnologies.com\/fr\/wp-json\/wp\/v2\/media?parent=551"}],"curies":[{"name":"wp","href":"https:\/\/api.w.org\/{rel}","templated":true}]}}